    {"id":5754,"date":"2023-10-20T02:41:48","date_gmt":"2023-10-20T02:41:48","guid":{"rendered":"https:\/\/middlemissimmigrationlaw.com\/about-us\/"},"modified":"2024-08-29T19:38:51","modified_gmt":"2024-08-29T19:38:51","slug":"a-propos","status":"publish","type":"page","link":"https:\/\/middlemissimmigrationlaw.com\/fr\/a-propos\/","title":{"rendered":"\u00c0 propos de nous"},"content":{"rendered":"\t\t<div data-elementor-type=\"wp-page\" data-elementor-id=\"5754\" class=\"elementor elementor-5754 elementor-222\">\n\t\t\t\t        <section class=\"elementor-section elementor-top-section elementor-element elementor-element-fcaec79 elementor-section-stretched elementor-section-boxed elementor-section-height-default elementor-section-height-default pxl-row-scroll-none pxl-section-overflow-visible pxl-bg-color-none pxl-section-overlay-none\" data-id=\"fcaec79\" data-element_type=\"section\" id=\"section-about-us\" data-settings=\"{&quot;stretch_section&quot;:&quot;section-stretched&quot;,&quot;background_background&quot;:&quot;classic&quot;}\">\n\n                \n                <div class=\"elementor-container elementor-column-gap-extended \">\n                <div class=\"elementor-column elementor-col-50 elementor-top-column elementor-element elementor-element-ac44dfe pxl-column-none\" data-id=\"ac44dfe\" data-element_type=\"column\">\r\n        <div class=\"elementor-widget-wrap elementor-element-populated\">\r\n                     \r\n        \t\t<div class=\"elementor-element elementor-element-2121c2e elementor-widget elementor-widget-pxl_image\" data-id=\"2121c2e\" data-element_type=\"widget\" data-widget_type=\"pxl_image.default\">\n\t\t\t\t<div class=\"elementor-widget-container\">\n\t\t\t<div id=\"pxl_image-2121c2e-2553\" class=\"pxl-image-single  style-default wow skewIn\" data-wow-delay=\"ms\"  >\r\n    <div class=\"pxl-item--inner \" data-wow-delay=\"120ms\">\r\n        \r\n                                <div class=\"pxl-item--image\" data-parallax-value=\"\">\r\n                                                    <img fetchpriority=\"high\" decoding=\"async\" width=\"557\" height=\"638\" src=\"https:\/\/middlemissimmigrationlaw.com\/wp-content\/uploads\/2024\/08\/work-permits-for-employees-reunite-family-for-immigrate-to-canada.jpg\" class=\"no-lazyload attachment-full\" alt=\"\" \/>                                            <\/div>\r\n                            \r\n            <\/div>\r\n<\/div>\t\t<\/div>\n\t\t\t\t<\/div>\n\t\t            <\/div>\r\n        <\/div>\r\n                <div class=\"elementor-column elementor-col-50 elementor-top-column elementor-element elementor-element-ab1a421 pxl-column-none\" data-id=\"ab1a421\" data-element_type=\"column\">\r\n        <div class=\"elementor-widget-wrap elementor-element-populated\">\r\n                     \r\n        \t\t<div class=\"elementor-element elementor-element-7566d42 elementor-widget elementor-widget-pxl_heading\" data-id=\"7566d42\" data-element_type=\"widget\" data-widget_type=\"pxl_heading.default\">\n\t\t\t\t<div class=\"elementor-widget-container\">\n\t\t\t<div id=\"pxl-pxl_heading-7566d42-7108\" class=\"pxl-heading px-sub-title-default-style\">\n\t<div class=\"pxl-heading--inner\">\n\t\t\n\t\t\n\t\t<h2 class=\"pxl-item--title pxl-split-text split-in-left\" data-wow-delay=\"ms\">\n\t\tNous nous effor\u00e7ons             <span class=\"pxl-title--highlight \">\n                <span class=\"pxl-item--text active\">d&#8217;exceller<\/span>            <\/span>\n         <br>\ndans la repr\u00e9sentation de nos clients \u00e0 travers le Canada\t\t\n\t\t<\/h2>\n\n\t\t\n\t\t\t\t\t<div class=\"px-divider--wrap \">\n\t\t\t\t<div class=\"px-title--divider px-title--divider1\">\n\t\t\t\t\t<span><\/span>\n\t\t\t\t<\/div>\n\t\t\t<\/div>\n\t\t\n\t\t\t\t\t\t\t\t\n\t<\/div>\n<\/div>\t\t<\/div>\n\t\t\t\t<\/div>\n\t\t\t\t<div class=\"elementor-element elementor-element-d4f9496 elementor-widget elementor-widget-pxl_text_editor\" data-id=\"d4f9496\" data-element_type=\"widget\" data-widget_type=\"pxl_text_editor.default\">\n\t\t\t\t<div class=\"elementor-widget-container\">\n\t\t\t<div class=\"pxl-text-editor\">\n\t<div class=\"pxl-item--inner wow skewIn\" data-wow-delay=\"300ms\">\n\t\t<p>Middlemiss Droit de l\u2019Immigration Inc. est un cabinet d&#8217;avocats sp\u00e9cialis\u00e9 en droit de l&#8217;immigration situ\u00e9 \u00e0 Montr\u00e9al, au Qu\u00e9bec, exclusivement ax\u00e9 sur le droit de l&#8217;immigration et de la citoyennet\u00e9 canadienne. Que ce soit des employeurs cherchant \u00e0 obtenir des permis de travail pour leurs employ\u00e9s, des familles cherchant \u00e0 se r\u00e9unir au Canada ou des professionnels cherchant \u00e0 immigrer au Canada, nous nous engageons \u00e0 les assister.<\/p><p>Lisa Middlemiss a pratiqu\u00e9 exclusivement le droit de l&#8217;immigration depuis son admission au Barreau du Qu\u00e9bec en ao\u00fbt 2013, initialement dans un important cabinet d&#8217;avocats sp\u00e9cialis\u00e9 en immigration canadienne pendant plus de dix ans avant de fonder son propre cabinet.<\/p>\t\t\n\t<\/div>\n<\/div>\t\t<\/div>\n\t\t\t\t<\/div>\n\t\t        <section class=\"elementor-section elementor-inner-section elementor-element elementor-element-7351761 elementor-section-boxed elementor-section-height-default elementor-section-height-default pxl-row-scroll-none pxl-section-overflow-visible pxl-bg-color-none pxl-section-overlay-none\" data-id=\"7351761\" data-element_type=\"section\">\n\n                \n                <div class=\"elementor-container elementor-column-gap-extended \">\n                <div class=\"elementor-column elementor-col-50 elementor-inner-column elementor-element elementor-element-55c3208 pxl-column-none\" data-id=\"55c3208\" data-element_type=\"column\">\r\n        <div class=\"elementor-widget-wrap elementor-element-populated\">\r\n                     \r\n        \t\t<div class=\"elementor-element elementor-element-eee38f8 elementor-widget elementor-widget-pxl_icon_box\" data-id=\"eee38f8\" data-element_type=\"widget\" data-widget_type=\"pxl_icon_box.default\">\n\t\t\t\t<div class=\"elementor-widget-container\">\n\t\t\t<div class=\"pxl-icon-box pxl-icon-box2 wow skewIn\" data-wow-delay=\"500ms\">\r\n    <div class=\"pxl-item--inner  df-row align-center \">\r\n                    <div class=\"pxl-item--icon pxl-mr-28\">\r\n                <i aria-hidden=\"true\" class=\"flaticon flaticon-visa\"><\/i>            <\/div>\r\n                        <div class=\"pxl-item--holder\">\r\n            <h5 class=\"pxl-item--title el-empty\">11 ans d'exp\u00e9rience en droit de l'immigration<\/h5>\r\n        <\/div>\r\n    <\/div>\r\n<\/div>\t\t<\/div>\n\t\t\t\t<\/div>\n\t\t            <\/div>\r\n        <\/div>\r\n                <div class=\"elementor-column elementor-col-50 elementor-inner-column elementor-element elementor-element-6de9a42 pxl-column-none\" data-id=\"6de9a42\" data-element_type=\"column\">\r\n        <div class=\"elementor-widget-wrap elementor-element-populated\">\r\n                     \r\n        \t\t<div class=\"elementor-element elementor-element-c194c1c elementor-widget elementor-widget-pxl_icon_box\" data-id=\"c194c1c\" data-element_type=\"widget\" data-widget_type=\"pxl_icon_box.default\">\n\t\t\t\t<div class=\"elementor-widget-container\">\n\t\t\t<div class=\"pxl-icon-box pxl-icon-box2 wow skewIn\" data-wow-delay=\"500ms\">\r\n    <div class=\"pxl-item--inner  df-row align-center \">\r\n                    <div class=\"pxl-item--icon pxl-mr-28\">\r\n                <i aria-hidden=\"true\" class=\"fab fa-canadian-maple-leaf\"><\/i>            <\/div>\r\n                        <div class=\"pxl-item--holder\">\r\n            <h5 class=\"pxl-item--title el-empty\">Exclusivement ax\u00e9 sur l'immigration au Canada<\/h5>\r\n        <\/div>\r\n    <\/div>\r\n<\/div>\t\t<\/div>\n\t\t\t\t<\/div>\n\t\t            <\/div>\r\n        <\/div>\r\n        \t\t\t<\/div>\n\t\t<\/section>\n\t\t\t\t<div class=\"elementor-element elementor-element-26410ac elementor-widget elementor-widget-pxl_list\" data-id=\"26410ac\" data-element_type=\"widget\" data-widget_type=\"pxl_list.default\">\n\t\t\t\t<div class=\"elementor-widget-container\">\n\t\t\t    <div class=\"pxl-list pxl-list1 style-default\">\r\n                    <div class=\"pxl--item wow skewIn\" data-wow-delay=\"700ms\">\r\n                                    <div class=\"pxl-item--icon pxl-mr-8 \">\r\n                        <i aria-hidden=\"true\" class=\"flaticon flaticon-check-mark\"><\/i>                    <\/div>\r\n                                <div class=\"pxl-item--text el-empty\">Autoris\u00e9 pour Immigration, R\u00e9fugi\u00e9s et Citoyennet\u00e9 Canada (IRCC)<\/div>\r\n            <\/div>\r\n                    <div class=\"pxl--item wow skewIn\" data-wow-delay=\"700ms\">\r\n                                    <div class=\"pxl-item--icon pxl-mr-8 \">\r\n                        <i aria-hidden=\"true\" class=\"flaticon flaticon-check-mark\"><\/i>                    <\/div>\r\n                                <div class=\"pxl-item--text el-empty\">Se tenir au courant de l'\u00e9volution des politiques publiques, des r\u00e9glementations et des lois au Canada.<\/div>\r\n            <\/div>\r\n                    <div class=\"pxl--item wow skewIn\" data-wow-delay=\"700ms\">\r\n                                    <div class=\"pxl-item--icon pxl-mr-8 \">\r\n                        <i aria-hidden=\"true\" class=\"flaticon flaticon-check-mark\"><\/i>                    <\/div>\r\n                                <div class=\"pxl-item--text el-empty\">Avocat en r\u00e8gle avec le Barreau du Qu\u00e9bec<\/div>\r\n            <\/div>\r\n            <\/div>\r\n\t\t<\/div>\n\t\t\t\t<\/div>\n\t\t            <\/div>\r\n        <\/div>\r\n        \t\t\t<\/div>\n\t\t<\/section>\n\t\t        <section class=\"elementor-section elementor-top-section elementor-element elementor-element-b35bec5 elementor-section-stretched elementor-section-boxed elementor-section-height-default elementor-section-height-default pxl-row-scroll-none pxl-section-overflow-visible pxl-bg-color-none pxl-section-overlay-none\" data-id=\"b35bec5\" data-element_type=\"section\" data-settings=\"{&quot;stretch_section&quot;:&quot;section-stretched&quot;}\">\n\n                \n                <div class=\"elementor-container elementor-column-gap-extended \">\n                <div class=\"elementor-column elementor-col-100 elementor-top-column elementor-element elementor-element-3fbba13 pxl-column-none\" data-id=\"3fbba13\" data-element_type=\"column\">\r\n        <div class=\"elementor-widget-wrap elementor-element-populated\">\r\n                     \r\n        \t\t<div class=\"elementor-element elementor-element-7e1e2e7 elementor-widget elementor-widget-pxl_heading\" data-id=\"7e1e2e7\" data-element_type=\"widget\" data-widget_type=\"pxl_heading.default\">\n\t\t\t\t<div class=\"elementor-widget-container\">\n\t\t\t<div id=\"pxl-pxl_heading-7e1e2e7-3900\" class=\"pxl-heading px-sub-title-default-style\">\n\t<div class=\"pxl-heading--inner\">\n\t\t\n\t\t\n\t\t<h2 class=\"pxl-item--title pxl-split-text split-in-left\" data-wow-delay=\"ms\">\n\t\t            <span class=\"pxl-title--highlight \">\n                <span class=\"pxl-item--text active\">Notre engagement<\/span>            <\/span>\n         au fil des ans\t\t\n\t\t<\/h2>\n\n\t\t\n\t\t\t\t\t<div class=\"px-divider--wrap \">\n\t\t\t\t<div class=\"px-title--divider px-title--divider1\">\n\t\t\t\t\t<span><\/span>\n\t\t\t\t<\/div>\n\t\t\t<\/div>\n\t\t\n\t\t\t\t\t\t\t\t\n\t<\/div>\n<\/div>\t\t<\/div>\n\t\t\t\t<\/div>\n\t\t\t\t<div class=\"elementor-element elementor-element-3420057 elementor-widget elementor-widget-pxl_process_carousel\" data-id=\"3420057\" data-element_type=\"widget\" data-widget_type=\"pxl_process_carousel.default\">\n\t\t\t\t<div class=\"elementor-widget-container\">\n\t\t\t    <div class=\"pxl-swiper-sliders pxl-process-carousel pxl-process-carousel1\" >\n        <div class=\"pxl-carousel-inner\">\n            <div class=\"pxl-swiper-container\" dir=\"ltr\" data-settings=\"{&quot;slide_direction&quot;:&quot;horizontal&quot;,&quot;slide_percolumn&quot;:&quot;1&quot;,&quot;slide_mode&quot;:&quot;slide&quot;,&quot;slides_to_show&quot;:&quot;3&quot;,&quot;slides_to_show_xxl&quot;:&quot;3&quot;,&quot;slides_to_show_lg&quot;:&quot;3&quot;,&quot;slides_to_show_md&quot;:&quot;2&quot;,&quot;slides_to_show_sm&quot;:&quot;2&quot;,&quot;slides_to_show_xs&quot;:&quot;1&quot;,&quot;slides_to_scroll&quot;:&quot;1&quot;,&quot;arrow&quot;:&quot;false&quot;,&quot;pagination&quot;:&quot;false&quot;,&quot;pagination_type&quot;:&quot;bullets&quot;,&quot;autoplay&quot;:&quot;true&quot;,&quot;pause_on_hover&quot;:&quot;&quot;,&quot;pause_on_interaction&quot;:&quot;true&quot;,&quot;delay&quot;:5000,&quot;loop&quot;:&quot;false&quot;,&quot;speed&quot;:500}\">\n                <div class=\"pxl-swiper-wrapper\">\n                                            <div class=\"pxl-swiper-slide\">\n                            <div class=\"pxl-item--inner \" data-wow-delay=\"ms\">\n                                                                     <div class=\"pxl-item--img\">\n                                        <img decoding=\"async\" class=\"no-lazyload \" src=\"https:\/\/middlemissimmigrationlaw.com\/wp-content\/uploads\/2024\/08\/canadian-bar-association-national-immigration-law-1-263x263.jpg\" width=\"263\" height=\"263\" alt=\"canadian-bar-association-national-immigration-law\" title=\"canadian-bar-association-national-immigration-law\" \/>                                        <div class=\"pxl-item--dot\"><\/div>\n                                    <\/div>\n                                    <h3 class=\"pxl-item--title el-empty\">Repr\u00e9sentante de la section nationale du droit de l'immigration de l'Association du Barreau Canadien<\/h3>\n                                    <div class=\"pxl-item--description el-empty\">Ancienne repr\u00e9sentante de la section nationale du droit de l'immigration de l'Association du Barreau Canadien o\u00f9 elle a si\u00e9g\u00e9 pendant quatre ans, Lisa d\u00e9fend les questions les plus pressantes pour les immigrants. <\/div>\n                                                           <\/div>\n                        <\/div>\n                                            <div class=\"pxl-swiper-slide\">\n                            <div class=\"pxl-item--inner \" data-wow-delay=\"ms\">\n                                                                     <div class=\"pxl-item--img\">\n                                        <img decoding=\"async\" class=\"no-lazyload \" src=\"https:\/\/middlemissimmigrationlaw.com\/wp-content\/uploads\/2024\/08\/parlement-ottawa-canadian-law-263x263.jpg\" width=\"263\" height=\"263\" alt=\"parlement-ottawa-canadian-law\" title=\"parlement-ottawa-canadian-law\" \/>                                        <div class=\"pxl-item--dot\"><\/div>\n                                    <\/div>\n                                    <h3 class=\"pxl-item--title el-empty\">Pr\u00e9sidente de la section (2022-2023)<\/h3>\n                                    <div class=\"pxl-item--description el-empty\">En tant que pr\u00e9sidente de la section (2022-2023), Lisa a t\u00e9moign\u00e9 devant le Parlement \u00e0 Ottawa, particip\u00e9 \u00e0 des r\u00e9unions r\u00e9guli\u00e8res avec des fonctionnaires du gouvernement et orchestr\u00e9 les travaux de la section nationale. <\/div>\n                                                           <\/div>\n                        <\/div>\n                                            <div class=\"pxl-swiper-slide\">\n                            <div class=\"pxl-item--inner \" data-wow-delay=\"ms\">\n                                                                     <div class=\"pxl-item--img\">\n                                        <img loading=\"lazy\" decoding=\"async\" class=\"no-lazyload \" src=\"https:\/\/middlemissimmigrationlaw.com\/wp-content\/uploads\/2024\/08\/conference-natioanl-immigration-law-263x263.jpg\" width=\"263\" height=\"263\" alt=\"conference-natioanl-immigration-law\" title=\"conference-natioanl-immigration-law\" \/>                                        <div class=\"pxl-item--dot\"><\/div>\n                                    <\/div>\n                                    <h3 class=\"pxl-item--title el-empty\">Membre du comit\u00e9 organisateur de la conf\u00e9rence nationale<\/h3>\n                                    <div class=\"pxl-item--description el-empty\">En tant que pr\u00e9sidente sortante de la section (2023-2024), elle a poursuivi son engagement actif, notamment en tant que membre du comit\u00e9 organisateur de la conf\u00e9rence nationale sur le droit de l'immigration \u00e0 Montr\u00e9al (mai 2024).<\/div>\n                                                           <\/div>\n                        <\/div>\n                                    <\/div>\n            <\/div>\n            \n                    <\/div>\n    <\/div>\n\t\t<\/div>\n\t\t\t\t<\/div>\n\t\t            <\/div>\r\n        <\/div>\r\n        \t\t\t<\/div>\n\t\t<\/section>\n\t\t\t\t<\/div>\n\t\t","protected":false},"excerpt":{"rendered":"<p>Nous nous effor\u00e7ons d&#8217;exceller dans la repr\u00e9sentation de nos clients \u00e0 travers le Canada Middlemiss Droit de l\u2019Immigration Inc. est un cabinet d&#8217;avocats sp\u00e9cialis\u00e9 en droit de l&#8217;immigration situ\u00e9 \u00e0 Montr\u00e9al, au Qu\u00e9bec, exclusivement ax\u00e9 sur le droit de l&#8217;immigration et de la citoyennet\u00e9 canadienne. Que ce soit des employeurs cherchant \u00e0 obtenir des permis [&hellip;]<\/p>\n","protected":false},"author":1,"featured_media":0,"parent":0,"menu_order":0,"comment_status":"closed","ping_status":"closed","template":"","meta":{"inline_featured_image":false,"footnotes":""},"class_list":["post-5754","page","type-page","status-publish","hentry"],"_links":{"self":[{"href":"https:\/\/middlemissimmigrationlaw.com\/fr\/wp-json\/wp\/v2\/pages\/5754","targetHints":{"allow":["GET"]}}],"collection":[{"href":"https:\/\/middlemissimmigrationlaw.com\/fr\/wp-json\/wp\/v2\/pages"}],"about":[{"href":"https:\/\/middlemissimmigrationlaw.com\/fr\/wp-json\/wp\/v2\/types\/page"}],"author":[{"embeddable":true,"href":"https:\/\/middlemissimmigrationlaw.com\/fr\/wp-json\/wp\/v2\/users\/1"}],"replies":[{"embeddable":true,"href":"https:\/\/middlemissimmigrationlaw.com\/fr\/wp-json\/wp\/v2\/comments?post=5754"}],"version-history":[{"count":5,"href":"https:\/\/middlemissimmigrationlaw.com\/fr\/wp-json\/wp\/v2\/pages\/5754\/revisions"}],"predecessor-version":[{"id":5759,"href":"https:\/\/middlemissimmigrationlaw.com\/fr\/wp-json\/wp\/v2\/pages\/5754\/revisions\/5759"}],"wp:attachment":[{"href":"https:\/\/middlemissimmigrationlaw.com\/fr\/wp-json\/wp\/v2\/media?parent=5754"}],"curies":[{"name":"wp","href":"https:\/\/api.w.org\/{rel}","templated":true}]}}